{"id":46843,"date":"2022-05-23T09:52:42","date_gmt":"2022-05-23T07:52:42","guid":{"rendered":"https:\/\/www.fnclm.com\/wordpress\/?page_id=46843"},"modified":"2022-06-03T09:07:34","modified_gmt":"2022-06-03T07:07:34","slug":"cto-regional-alevin-somos-deporte-3-18-2022","status":"publish","type":"page","link":"https:\/\/www.fnclm.com\/wordpress\/?page_id=46843","title":{"rendered":"Cto Regional Alev\u00edn Somos Deporte 3-18 2022"},"content":{"rendered":"<div class=\"wp-block-image\">\n<figure class=\"aligncenter size-medium\"><a href=\"https:\/\/www.fnclm.com\/wordpress\/wp-content\/uploads\/Regional.png\"><img loading=\"lazy\" decoding=\"async\" width=\"212\" height=\"300\" src=\"https:\/\/www.fnclm.com\/wordpress\/wp-content\/uploads\/Regional-212x300.png\" alt=\"\" class=\"wp-image-46844\" srcset=\"https:\/\/www.fnclm.com\/wordpress\/wp-content\/uploads\/Regional-212x300.png 212w, https:\/\/www.fnclm.com\/wordpress\/wp-content\/uploads\/Regional.png 595w\" sizes=\"auto, (max-width: 212px) 100vw, 212px\" \/><\/a><\/figure>\n<\/div>\n\n\n<h4 class=\"wp-block-heading\"><strong>Fecha y lugar:<\/strong><\/h4>\n\n\n\n<ul class=\"wp-block-list\"><li><strong>Fecha:<\/strong> 28\/05\/2022<\/li><li><strong>Lugar:<\/strong> La Roda<\/li><li><strong>Hora de Comienzo:<\/strong>  10:30 y 11:00 horas                 <\/li><li><strong>Aplicaci\u00f3n Splashme: <a rel=\"noreferrer noopener\" href=\"https:\/\/play.google.com\/store\/apps\/details?id=com.splashme\" target=\"_blank\">Android<\/a> <a rel=\"noreferrer noopener\" href=\"https:\/\/apps.apple.com\/es\/app\/splashme\/id584805809\" target=\"_blank\">Apple<\/a><\/strong><\/li><\/ul>\n\n\n\n<h4 class=\"wp-block-heading\">Documentaci\u00f3n<\/h4>\n\n\n\n<ul class=\"wp-block-list\"><li><a rel=\"noreferrer noopener\" href=\"https:\/\/www.fnclm.com\/wordpress\/wp-content\/uploads\/Regional_DB_Alevin_2022.pdf\" target=\"_blank\">Normativa de la competici\u00f3n<\/a><\/li><li><a rel=\"noreferrer noopener\" href=\"https:\/\/www.fnclm.com\/campeonatos\/2021\/052\/Normativa_Tecnica_Regional_Somos_Deporte.pdf\" target=\"_blank\">Normativa T\u00e9cnica<\/a><\/li><li><a rel=\"noreferrer noopener\" href=\"http:\/\/www.fnclm.com\/campeonatos\/2021\/001\/ANEXO9.pdf\" target=\"_blank\">Hoja de Sustituciones<\/a><\/li><li><a rel=\"noreferrer noopener\" href=\"https:\/\/www.fnclm.com\/campeonatos\/2021\/052\/inscritos.pdf\" target=\"_blank\">Inscripciones Totales<\/a><\/li><li>Listas de Salida: <a rel=\"noreferrer noopener\" href=\"https:\/\/www.fnclm.com\/campeonatos\/2021\/052\/LSalida_S1.pdf\" target=\"_blank\">Sesi\u00f3n 1<\/a> &#8211; <a rel=\"noreferrer noopener\" href=\"https:\/\/www.fnclm.com\/campeonatos\/2021\/052\/LSalida_S2.pdf\" target=\"_blank\">Sesi\u00f3n 2<\/a> <\/li><li>Resultados completos: <a href=\"https:\/\/www.fnclm.com\/campeonatos\/2021\/052\/resultados_completos_S1.pdf\" target=\"_blank\" rel=\"noreferrer noopener\">Sesi\u00f3n 1<\/a> &#8211;<a href=\"https:\/\/www.fnclm.com\/campeonatos\/2021\/052\/resultados_completos_S2.pdf\" target=\"_blank\" rel=\"noreferrer noopener\"> Sesi\u00f3n 2 <\/a><\/li><\/ul>\n\n\n\n<iframe loading=\"lazy\" src=\"https:\/\/www.fnclm.com\/campeonatos\/2021\/052\/\" frameborder=\"0\" width=\"1000px\" height=\"850\" align=\"center\"><\/iframe>\n\n\n\n<p><\/p>\n\n\n\n<p><\/p>\n\n\n\n<p><\/p>\n\n\n\n<figure class=\"wp-block-embed is-type-video is-provider-youtube wp-block-embed-youtube wp-embed-aspect-16-9 wp-has-aspect-ratio\"><div class=\"wp-block-embed__wrapper\">\n<iframe loading=\"lazy\" title=\"Cto Regional Alev\u00edn Somos Deporte 3-18. Sesi\u00f3n 1\" width=\"500\" height=\"281\" src=\"https:\/\/www.youtube.com\/embed\/4Nk99nQC9zg?feature=oembed\" frameborder=\"0\" allow=\"accelerometer; autoplay; clipboard-write; encrypted-media; gyroscope; picture-in-picture; web-share\" referrerpolicy=\"strict-origin-when-cross-origin\" allowfullscreen><\/iframe>\n<\/div><\/figure>\n\n\n\n<figure class=\"wp-block-embed is-type-video is-provider-youtube wp-block-embed-youtube wp-embed-aspect-16-9 wp-has-aspect-ratio\"><div class=\"wp-block-embed__wrapper\">\n<iframe loading=\"lazy\" title=\"Cto Regional Somos Deporte 3-18 Alev\u00edn, Sesi\u00f3n 2\" width=\"500\" height=\"281\" src=\"https:\/\/www.youtube.com\/embed\/eiYcwKYdK9A?feature=oembed\" frameborder=\"0\" allow=\"accelerometer; autoplay; clipboard-write; encrypted-media; gyroscope; picture-in-picture; web-share\" referrerpolicy=\"strict-origin-when-cross-origin\" allowfullscreen><\/iframe>\n<\/div><\/figure>\n","protected":false},"excerpt":{"rendered":"<p>Fecha y lugar: Fecha: 28\/05\/2022 Lugar: La Roda Hora de Comienzo: 10:30 y 11:00 horas Aplicaci\u00f3n Splashme: Android Apple Documentaci\u00f3n Normativa de la competici\u00f3n Normativa T\u00e9cnica Hoja de Sustituciones Inscripciones Totales Listas de Salida: Sesi\u00f3n 1 &#8211; Sesi\u00f3n 2 Resultados completos: Sesi\u00f3n 1 &#8211; Sesi\u00f3n 2<\/p>\n","protected":false},"author":588,"featured_media":0,"parent":0,"menu_order":0,"comment_status":"closed","ping_status":"closed","template":"","meta":{"_genesis_hide_title":false,"_genesis_hide_breadcrumbs":false,"_genesis_hide_singular_image":false,"_genesis_hide_footer_widgets":false,"_genesis_custom_body_class":"","_genesis_custom_post_class":"","_genesis_layout":"full-width-content","footnotes":""},"class_list":{"0":"post-46843","1":"page","2":"type-page","3":"status-publish","5":"entry"},"featured_image_src":null,"featured_image_src_square":null,"_links":{"self":[{"href":"https:\/\/www.fnclm.com\/wordpress\/index.php?rest_route=\/wp\/v2\/pages\/46843","targetHints":{"allow":["GET"]}}],"collection":[{"href":"https:\/\/www.fnclm.com\/wordpress\/index.php?rest_route=\/wp\/v2\/pages"}],"about":[{"href":"https:\/\/www.fnclm.com\/wordpress\/index.php?rest_route=\/wp\/v2\/types\/page"}],"author":[{"embeddable":true,"href":"https:\/\/www.fnclm.com\/wordpress\/index.php?rest_route=\/wp\/v2\/users\/588"}],"replies":[{"embeddable":true,"href":"https:\/\/www.fnclm.com\/wordpress\/index.php?rest_route=%2Fwp%2Fv2%2Fcomments&post=46843"}],"version-history":[{"count":12,"href":"https:\/\/www.fnclm.com\/wordpress\/index.php?rest_route=\/wp\/v2\/pages\/46843\/revisions"}],"predecessor-version":[{"id":46947,"href":"https:\/\/www.fnclm.com\/wordpress\/index.php?rest_route=\/wp\/v2\/pages\/46843\/revisions\/46947"}],"wp:attachment":[{"href":"https:\/\/www.fnclm.com\/wordpress\/index.php?rest_route=%2Fwp%2Fv2%2Fmedia&parent=46843"}],"curies":[{"name":"wp","href":"https:\/\/api.w.org\/{rel}","templated":true}]}}